{"id":3719,"date":"2025-01-16T11:43:11","date_gmt":"2025-01-16T10:43:11","guid":{"rendered":"https:\/\/campingalporto.it\/jak-zustat\/"},"modified":"2025-04-30T11:42:23","modified_gmt":"2025-04-30T09:42:23","slug":"jak-zustat","status":"publish","type":"page","link":"https:\/\/www.campingalporto.it\/cs\/kemp\/jak-zustat\/","title":{"rendered":"Jak z\u016fstat"},"content":{"rendered":"\t\t<div data-elementor-type=\"wp-page\" data-elementor-id=\"3719\" class=\"elementor elementor-3719 elementor-300\" data-elementor-post-type=\"page\">\n\t\t\t\t<div class=\"elementor-element elementor-element-b841226 hero-section e-flex e-con-boxed e-con e-parent\" data-id=\"b841226\" data-element_type=\"container\" data-settings=\"{&quot;background_background&quot;:&quot;classic&quot;,&quot;jet_parallax_layout_list&quot;:[]}\">\n\t\t\t\t\t<div class=\"e-con-inner\">\n\t\t\t\t\t<\/div>\n\t\t\t\t<\/div>\n\t\t<div class=\"elementor-element elementor-element-a0e7df2 e-flex e-con-boxed e-con e-parent\" data-id=\"a0e7df2\" data-element_type=\"container\" data-settings=\"{&quot;jet_parallax_layout_list&quot;:[]}\">\n\t\t\t\t\t<div class=\"e-con-inner\">\n\t\t\t\t<div class=\"elementor-element elementor-element-b4ffc78 elementor-widget elementor-widget-template\" data-id=\"b4ffc78\" data-element_type=\"widget\" data-widget_type=\"template.default\">\n\t\t\t\t<div class=\"elementor-widget-container\">\n\t\t\t\t\t\t\t<div class=\"elementor-template\">\n\t\t\t\t\t<div data-elementor-type=\"container\" data-elementor-id=\"3765\" class=\"elementor elementor-3765 elementor-321\" data-elementor-post-type=\"elementor_library\">\n\t\t\t\t<div class=\"elementor-element elementor-element-3bcc4615 e-flex e-con-boxed e-con e-parent\" data-id=\"3bcc4615\" data-element_type=\"container\" data-settings=\"{&quot;background_background&quot;:&quot;classic&quot;,&quot;jet_parallax_layout_list&quot;:[]}\">\n\t\t\t\t\t<div class=\"e-con-inner\">\n\t\t\t\t<div class=\"elementor-element elementor-element-261f5a8f menu-special elementor-widget elementor-widget-heading\" data-id=\"261f5a8f\" data-element_type=\"widget\" data-widget_type=\"heading.default\">\n\t\t\t\t<div class=\"elementor-widget-container\">\n\t\t\t\t\t<h2 class=\"elementor-heading-title elementor-size-default\"><a href=\"https:\/\/www.campingalporto.it\/il-camping\/\">Kemp<\/a><\/h2>\t\t\t\t<\/div>\n\t\t\t\t<\/div>\n\t\t\t\t<div class=\"elementor-element elementor-element-36c0f7fe elementor-nav-menu--dropdown-mobile elementor-nav-menu__text-align-center elementor-widget elementor-widget-nav-menu\" data-id=\"36c0f7fe\" data-element_type=\"widget\" data-settings=\"{&quot;layout&quot;:&quot;horizontal&quot;,&quot;submenu_icon&quot;:{&quot;value&quot;:&quot;&lt;svg aria-hidden=\\&quot;true\\&quot; class=\\&quot;e-font-icon-svg e-fas-caret-down\\&quot; viewBox=\\&quot;0 0 320 512\\&quot; xmlns=\\&quot;http:\\\/\\\/www.w3.org\\\/2000\\\/svg\\&quot;&gt;&lt;path d=\\&quot;M31.3 192h257.3c17.8 0 26.7 21.5 14.1 34.1L174.1 354.8c-7.8 7.8-20.5 7.8-28.3 0L17.2 226.1C4.6 213.5 13.5 192 31.3 192z\\&quot;&gt;&lt;\\\/path&gt;&lt;\\\/svg&gt;&quot;,&quot;library&quot;:&quot;fa-solid&quot;}}\" data-widget_type=\"nav-menu.default\">\n\t\t\t\t<div class=\"elementor-widget-container\">\n\t\t\t\t\t\t\t\t<nav aria-label=\"Menu\" class=\"elementor-nav-menu--main elementor-nav-menu__container elementor-nav-menu--layout-horizontal e--pointer-none\">\n\t\t\t\t<ul id=\"menu-1-36c0f7fe\" class=\"elementor-nav-menu\"><li class=\"menu-item menu-item-type-post_type menu-item-object-page menu-item-307\"><a href=\"https:\/\/www.campingalporto.it\/il-camping\/riqualificazione\/\" class=\"elementor-item\">P\u0159estavba<\/a><\/li>\n<li class=\"menu-item menu-item-type-post_type menu-item-object-page menu-item-306\"><a href=\"https:\/\/www.campingalporto.it\/il-camping\/bistrot\/\" class=\"elementor-item\">Bistrot<\/a><\/li>\n<li class=\"menu-item menu-item-type-post_type menu-item-object-page menu-item-305\"><a href=\"https:\/\/www.campingalporto.it\/il-camping\/come-alloggiare\/\" class=\"elementor-item\">Jak z\u016fstat<\/a><\/li>\n<li class=\"menu-item menu-item-type-post_type menu-item-object-page menu-item-304\"><a href=\"https:\/\/www.campingalporto.it\/il-camping\/servizi\/\" class=\"elementor-item\">Slu\u017eby<\/a><\/li>\n<\/ul>\t\t\t<\/nav>\n\t\t\t\t\t\t<nav class=\"elementor-nav-menu--dropdown elementor-nav-menu__container\" aria-hidden=\"true\">\n\t\t\t\t<ul id=\"menu-2-36c0f7fe\" class=\"elementor-nav-menu\"><li class=\"menu-item menu-item-type-post_type menu-item-object-page menu-item-307\"><a href=\"https:\/\/www.campingalporto.it\/il-camping\/riqualificazione\/\" class=\"elementor-item\" tabindex=\"-1\">P\u0159estavba<\/a><\/li>\n<li class=\"menu-item menu-item-type-post_type menu-item-object-page menu-item-306\"><a href=\"https:\/\/www.campingalporto.it\/il-camping\/bistrot\/\" class=\"elementor-item\" tabindex=\"-1\">Bistrot<\/a><\/li>\n<li class=\"menu-item menu-item-type-post_type menu-item-object-page menu-item-305\"><a href=\"https:\/\/www.campingalporto.it\/il-camping\/come-alloggiare\/\" class=\"elementor-item\" tabindex=\"-1\">Jak z\u016fstat<\/a><\/li>\n<li class=\"menu-item menu-item-type-post_type menu-item-object-page menu-item-304\"><a href=\"https:\/\/www.campingalporto.it\/il-camping\/servizi\/\" class=\"elementor-item\" tabindex=\"-1\">Slu\u017eby<\/a><\/li>\n<\/ul>\t\t\t<\/nav>\n\t\t\t\t\t\t<\/div>\n\t\t\t\t<\/div>\n\t\t\t\t\t<\/div>\n\t\t\t\t<\/div>\n\t\t\t\t<\/div>\n\t\t\t\t<\/div>\n\t\t\t\t\t\t<\/div>\n\t\t\t\t<\/div>\n\t\t\t\t\t<\/div>\n\t\t\t\t<\/div>\n\t\t<div class=\"elementor-element elementor-element-3050733 e-flex e-con-boxed e-con e-parent\" data-id=\"3050733\" data-element_type=\"container\" data-settings=\"{&quot;jet_parallax_layout_list&quot;:[]}\">\n\t\t\t\t\t<div class=\"e-con-inner\">\n\t\t<div class=\"elementor-element elementor-element-363583f e-con-full e-flex e-con e-child\" data-id=\"363583f\" data-element_type=\"container\" data-settings=\"{&quot;jet_parallax_layout_list&quot;:[]}\">\n\t\t\t\t<div class=\"elementor-element elementor-element-ba3e5b7 elementor-widget elementor-widget-heading\" data-id=\"ba3e5b7\" data-element_type=\"widget\" data-widget_type=\"heading.default\">\n\t\t\t\t<div class=\"elementor-widget-container\">\n\t\t\t\t\t<h2 class=\"elementor-heading-title elementor-size-default\">kemp<\/h2>\t\t\t\t<\/div>\n\t\t\t\t<\/div>\n\t\t\t\t<div class=\"elementor-element elementor-element-3051937 elementor-widget elementor-widget-heading\" data-id=\"3051937\" data-element_type=\"widget\" data-widget_type=\"heading.default\">\n\t\t\t\t<div class=\"elementor-widget-container\">\n\t\t\t\t\t<h2 class=\"elementor-heading-title elementor-size-default\">Jak z\u016fstat<\/h2>\t\t\t\t<\/div>\n\t\t\t\t<\/div>\n\t\t\t\t<div class=\"elementor-element elementor-element-f29fd4f elementor-widget elementor-widget-text-editor\" data-id=\"f29fd4f\" data-element_type=\"widget\" data-widget_type=\"text-editor.default\">\n\t\t\t\t<div class=\"elementor-widget-container\">\n\t\t\t\t\t\t\t\t\t<p><span style=\"font-weight: 400;\">Velk\u00e1 \u010d\u00e1st ubytovac\u00ed plochy se nach\u00e1z\u00ed na <\/span><b>tr\u00e1v\u011b <\/b>a<b> \u0161t\u011brku<\/b><span style=\"font-weight: 400;\">, kde je nutn\u00e9 um\u00edstit vozidlo, zat\u00edmco n\u011bkter\u00e1 m\u00edsta, o kter\u00e1 je velk\u00fd z\u00e1jem, jsou pokryta pouze <\/span><b>p\u0159\u00edrodn\u00edm \u0161t\u011brkem<\/b>. <span style=\"font-weight: 400;\">ide\u00e1ln\u00ed pro zvl\u00e1d\u00e1n\u00ed i t\u011bch nejn\u00e1ro\u010dn\u011bj\u0161\u00edch pov\u011btrnostn\u00edch podm\u00ednek. V\u00edce ne\u017e polovina h\u0159i\u0161\u0165 je napojena na   <\/span><b>vodovodn\u00ed a kanaliza\u010dn\u00ed s\u00ed\u0165<\/b><span style=\"font-weight: 400;\">a nab\u00edz\u00ed tak pohodl\u00ed p\u0159i z\u00e1sobov\u00e1n\u00ed pitnou vodou a odv\u00e1d\u011bn\u00ed odpadn\u00edch vod p\u0159\u00edmo na h\u0159i\u0161ti.<\/span><\/p><p><span style=\"font-weight: 400;\">Host\u00e9 si mohou vybrat z r\u016fzn\u00fdch typ\u016f st\u00e1n\u00ed v z\u00e1vislosti na sv\u00fdch pot\u0159eb\u00e1ch nebo velikosti sv\u00e9ho vozidla. Jejich rozsah sah\u00e1 od   <\/span><b>ECO<\/b><span style=\"font-weight: 400;\">, ide\u00e1ln\u00ed pro osoby, kter\u00e9 bydl\u00ed ve stanech bez auta, a\u017e po prostorn\u00e9 stany. <\/span><b>MAXI<\/b><span style=\"font-weight: 400;\">kter\u00e9 zaru\u010duj\u00ed maxim\u00e1ln\u00ed pohodl\u00ed. Ka\u017ed\u00e9 h\u0159i\u0161t\u011b je vybaveno elektrickou p\u0159\u00edpojkou z   <\/span><b>16A<\/b><span style=\"font-weight: 400;\"> s ode\u010dtem spot\u0159eby a denn\u00ed tarif zahrnuje<\/span><b> 5 kW<\/b><span style=\"font-weight: 400;\"> spot\u0159eby. <\/span><b>Zv\u00ed\u0159ata jsou v cel\u00e9m kempu v\u00edt\u00e1na<\/b><span style=\"font-weight: 400;\">s v\u00fdjimkou byt\u016f a baz\u00e9nu.<\/span><\/p>\t\t\t\t\t\t\t\t<\/div>\n\t\t\t\t<\/div>\n\t\t\t\t<\/div>\n\t\t\t\t<div class=\"elementor-element elementor-element-fe73645 elementor-widget__width-inherit elementor-widget elementor-widget-image\" data-id=\"fe73645\" data-element_type=\"widget\" data-widget_type=\"image.default\">\n\t\t\t\t<div class=\"elementor-widget-container\">\n\t\t\t\t\t\t\t\t\t\t\t\t\t\t\t<img fetchpriority=\"high\" decoding=\"async\" width=\"1730\" height=\"1568\" src=\"https:\/\/www.campingalporto.it\/wp-content\/uploads\/2025\/02\/comealloggiare-immagine.png\" class=\"attachment-full size-full wp-image-3305\" alt=\"\" srcset=\"https:\/\/www.campingalporto.it\/wp-content\/uploads\/2025\/02\/comealloggiare-immagine.png 1730w, https:\/\/www.campingalporto.it\/wp-content\/uploads\/2025\/02\/comealloggiare-immagine-300x272.png 300w, https:\/\/www.campingalporto.it\/wp-content\/uploads\/2025\/02\/comealloggiare-immagine-1024x928.png 1024w, https:\/\/www.campingalporto.it\/wp-content\/uploads\/2025\/02\/comealloggiare-immagine-768x696.png 768w, https:\/\/www.campingalporto.it\/wp-content\/uploads\/2025\/02\/comealloggiare-immagine-1536x1392.png 1536w\" sizes=\"(max-width: 1730px) 100vw, 1730px\" \/>\t\t\t\t\t\t\t\t\t\t\t\t\t\t\t<\/div>\n\t\t\t\t<\/div>\n\t\t\t\t\t<\/div>\n\t\t\t\t<\/div>\n\t\t<div class=\"elementor-element elementor-element-c7c19f7 e-flex e-con-boxed e-con e-parent\" data-id=\"c7c19f7\" data-element_type=\"container\" id=\"piazzole\" data-settings=\"{&quot;jet_parallax_layout_list&quot;:[]}\">\n\t\t\t\t\t<div class=\"e-con-inner\">\n\t\t\t\t<div class=\"elementor-element elementor-element-f11687b elementor-widget elementor-widget-heading\" data-id=\"f11687b\" data-element_type=\"widget\" data-widget_type=\"heading.default\">\n\t\t\t\t<div class=\"elementor-widget-container\">\n\t\t\t\t\t<h2 class=\"elementor-heading-title elementor-size-default\">n\u00e1\u0161 v\u00fdb\u011br zahrnuje<\/h2>\t\t\t\t<\/div>\n\t\t\t\t<\/div>\n\t\t\t\t<div class=\"elementor-element elementor-element-fe27df9 elementor-widget elementor-widget-heading\" data-id=\"fe27df9\" data-element_type=\"widget\" data-widget_type=\"heading.default\">\n\t\t\t\t<div class=\"elementor-widget-container\">\n\t\t\t\t\t<h2 class=\"elementor-heading-title elementor-size-default\">PITCHES<\/h2>\t\t\t\t<\/div>\n\t\t\t\t<\/div>\n\t\t<div class=\"elementor-element elementor-element-f0eb5c4 e-con-full e-grid e-con e-child\" data-id=\"f0eb5c4\" data-element_type=\"container\" data-settings=\"{&quot;jet_parallax_layout_list&quot;:[]}\">\n\t\t<div class=\"elementor-element elementor-element-3b28ffa e-con-full e-flex elementor-invisible e-con e-child\" data-id=\"3b28ffa\" data-element_type=\"container\" data-settings=\"{&quot;background_background&quot;:&quot;classic&quot;,&quot;animation&quot;:&quot;fadeInUp&quot;,&quot;animation_mobile&quot;:&quot;fadeIn&quot;,&quot;jet_parallax_layout_list&quot;:[]}\">\n\t\t<div class=\"elementor-element elementor-element-767f7d7 e-con-full e-flex elementor-invisible e-con e-child\" data-id=\"767f7d7\" data-element_type=\"container\" data-settings=\"{&quot;animation&quot;:&quot;fadeInUp&quot;,&quot;jet_parallax_layout_list&quot;:[]}\">\n\t\t\t\t<div class=\"elementor-element elementor-element-fdb2776 elementor-widget elementor-widget-image\" data-id=\"fdb2776\" data-element_type=\"widget\" data-widget_type=\"image.default\">\n\t\t\t\t<div class=\"elementor-widget-container\">\n\t\t\t\t\t\t\t\t\t\t\t\t\t\t\t<img decoding=\"async\" width=\"800\" height=\"800\" src=\"https:\/\/www.campingalporto.it\/wp-content\/uploads\/2025\/02\/Eco-1024x1024.jpg\" class=\"attachment-large size-large wp-image-3467\" alt=\"\" srcset=\"https:\/\/www.campingalporto.it\/wp-content\/uploads\/2025\/02\/Eco-1024x1024.jpg 1024w, https:\/\/www.campingalporto.it\/wp-content\/uploads\/2025\/02\/Eco-300x300.jpg 300w, https:\/\/www.campingalporto.it\/wp-content\/uploads\/2025\/02\/Eco-150x150.jpg 150w, https:\/\/www.campingalporto.it\/wp-content\/uploads\/2025\/02\/Eco-768x768.jpg 768w, https:\/\/www.campingalporto.it\/wp-content\/uploads\/2025\/02\/Eco-1536x1536.jpg 1536w, https:\/\/www.campingalporto.it\/wp-content\/uploads\/2025\/02\/Eco.jpg 1600w\" sizes=\"(max-width: 800px) 100vw, 800px\" \/>\t\t\t\t\t\t\t\t\t\t\t\t\t\t\t<\/div>\n\t\t\t\t<\/div>\n\t\t\t\t<div class=\"elementor-element elementor-element-4e44198 elementor-widget elementor-widget-heading\" data-id=\"4e44198\" data-element_type=\"widget\" data-widget_type=\"heading.default\">\n\t\t\t\t<div class=\"elementor-widget-container\">\n\t\t\t\t\t<h2 class=\"elementor-heading-title elementor-size-default\">ECO (25\/40m\u00b2)<\/h2>\t\t\t\t<\/div>\n\t\t\t\t<\/div>\n\t\t\t\t<div class=\"elementor-element elementor-element-443331e elementor-widget elementor-widget-text-editor\" data-id=\"443331e\" data-element_type=\"widget\" data-widget_type=\"text-editor.default\">\n\t\t\t\t<div class=\"elementor-widget-container\">\n\t\t\t\t\t\t\t\t\t<p><b>Eko<\/b> kempy, kter\u00e9 se nach\u00e1zej\u00ed uprost\u0159ed kempu ve st\u00ednu \u010dern\u00fdch borovic a cedr\u016f, nab\u00edzej\u00ed <b>autentick\u00fd<\/b> z\u00e1\u017eitek z <b>kempov\u00e1n\u00ed<\/b>. Tato mal\u00e1 oblast, kter\u00e1 <b>soused\u00ed s d\u011btsk\u00fdm h\u0159i\u0161t\u011bm a je bez automobilov\u00e9ho provozu<\/b>, je p\u0159\u00edstupn\u00e1 pouze <b>p\u011b\u0161ky<\/b> nebo <b>na kole<\/b>. V\u0161echny maj\u00ed <b>nez\u00e1visl\u00e9 p\u0159\u00edpojky na elekt\u0159inu. <\/b>M\u00edsta pro stany lze rezervovat bez auta; <b>ti, kte\u0159\u00ed cht\u011bj\u00ed p\u0159ijet autem, by m\u011bli kontaktovat kemp a ov\u011b\u0159it si dostupnost placen\u00fdch parkovac\u00edch m\u00edst<\/b>.  <\/p>\t\t\t\t\t\t\t\t<\/div>\n\t\t\t\t<\/div>\n\t\t\t\t<\/div>\n\t\t\t\t<\/div>\n\t\t<div class=\"elementor-element elementor-element-210ec85 e-con-full e-flex elementor-invisible e-con e-child\" data-id=\"210ec85\" data-element_type=\"container\" data-settings=\"{&quot;background_background&quot;:&quot;classic&quot;,&quot;animation&quot;:&quot;fadeInUp&quot;,&quot;animation_mobile&quot;:&quot;fadeIn&quot;,&quot;jet_parallax_layout_list&quot;:[]}\">\n\t\t<div class=\"elementor-element elementor-element-76d53a2 e-con-full e-flex elementor-invisible e-con e-child\" data-id=\"76d53a2\" data-element_type=\"container\" data-settings=\"{&quot;animation&quot;:&quot;fadeInUp&quot;,&quot;animation_delay&quot;:100,&quot;jet_parallax_layout_list&quot;:[]}\">\n\t\t\t\t<div class=\"elementor-element elementor-element-12104a8 elementor-widget elementor-widget-image\" data-id=\"12104a8\" data-element_type=\"widget\" data-widget_type=\"image.default\">\n\t\t\t\t<div class=\"elementor-widget-container\">\n\t\t\t\t\t\t\t\t\t\t\t\t\t\t\t<img decoding=\"async\" width=\"1029\" height=\"1029\" src=\"https:\/\/www.campingalporto.it\/wp-content\/uploads\/2025\/02\/piazzola-minibus.jpg\" class=\"attachment-full size-full wp-image-3281\" alt=\"\" srcset=\"https:\/\/www.campingalporto.it\/wp-content\/uploads\/2025\/02\/piazzola-minibus.jpg 1029w, https:\/\/www.campingalporto.it\/wp-content\/uploads\/2025\/02\/piazzola-minibus-300x300.jpg 300w, https:\/\/www.campingalporto.it\/wp-content\/uploads\/2025\/02\/piazzola-minibus-1024x1024.jpg 1024w, https:\/\/www.campingalporto.it\/wp-content\/uploads\/2025\/02\/piazzola-minibus-150x150.jpg 150w, https:\/\/www.campingalporto.it\/wp-content\/uploads\/2025\/02\/piazzola-minibus-768x768.jpg 768w\" sizes=\"(max-width: 1029px) 100vw, 1029px\" \/>\t\t\t\t\t\t\t\t\t\t\t\t\t\t\t<\/div>\n\t\t\t\t<\/div>\n\t\t\t\t<div class=\"elementor-element elementor-element-e44adb0 elementor-widget elementor-widget-heading\" data-id=\"e44adb0\" data-element_type=\"widget\" data-widget_type=\"heading.default\">\n\t\t\t\t<div class=\"elementor-widget-container\">\n\t\t\t\t\t<h2 class=\"elementor-heading-title elementor-size-default\">Minibus (35\/45m\u00b2)<\/h2>\t\t\t\t<\/div>\n\t\t\t\t<\/div>\n\t\t\t\t<div class=\"elementor-element elementor-element-b4095c8 elementor-widget elementor-widget-text-editor\" data-id=\"b4095c8\" data-element_type=\"widget\" data-widget_type=\"text-editor.default\">\n\t\t\t\t<div class=\"elementor-widget-container\">\n\t\t\t\t\t\t\t\t\t<p>M\u00edsta pro <strong>minibusy<\/strong> jsou speci\u00e1ln\u011b navr\u017eena pro hosty, kte\u0159\u00ed ocen\u00ed <strong>pohodl\u00ed a flexibilitu vybaven\u00fdch minibus\u016f<\/strong> o d\u00e9lce <strong>a\u017e 5 m<\/strong>. Ide\u00e1ln\u00ed pro ty, kte\u0159\u00ed hledaj\u00ed agiln\u00ed a dynamick\u00fd \u017eivotn\u00ed styl. <\/p>\t\t\t\t\t\t\t\t<\/div>\n\t\t\t\t<\/div>\n\t\t\t\t<\/div>\n\t\t\t\t<\/div>\n\t\t<div class=\"elementor-element elementor-element-999c899 e-con-full e-flex elementor-invisible e-con e-child\" data-id=\"999c899\" data-element_type=\"container\" data-settings=\"{&quot;background_background&quot;:&quot;classic&quot;,&quot;animation&quot;:&quot;fadeInUp&quot;,&quot;animation_mobile&quot;:&quot;fadeIn&quot;,&quot;jet_parallax_layout_list&quot;:[]}\">\n\t\t<div class=\"elementor-element elementor-element-3ad3bc2 e-con-full e-flex elementor-invisible e-con e-child\" data-id=\"3ad3bc2\" data-element_type=\"container\" data-settings=\"{&quot;animation&quot;:&quot;fadeInUp&quot;,&quot;animation_delay&quot;:200,&quot;jet_parallax_layout_list&quot;:[]}\">\n\t\t\t\t<div class=\"elementor-element elementor-element-0ad70f5 elementor-widget elementor-widget-image\" data-id=\"0ad70f5\" data-element_type=\"widget\" data-widget_type=\"image.default\">\n\t\t\t\t<div class=\"elementor-widget-container\">\n\t\t\t\t\t\t\t\t\t\t\t\t\t\t\t<img loading=\"lazy\" decoding=\"async\" width=\"1920\" height=\"2560\" src=\"https:\/\/www.campingalporto.it\/wp-content\/uploads\/2025\/02\/Piazzole_confort-dry-scaled.jpg\" class=\"attachment-full size-full wp-image-3470\" alt=\"\" srcset=\"https:\/\/www.campingalporto.it\/wp-content\/uploads\/2025\/02\/Piazzole_confort-dry-scaled.jpg 1920w, https:\/\/www.campingalporto.it\/wp-content\/uploads\/2025\/02\/Piazzole_confort-dry-225x300.jpg 225w, https:\/\/www.campingalporto.it\/wp-content\/uploads\/2025\/02\/Piazzole_confort-dry-768x1024.jpg 768w, https:\/\/www.campingalporto.it\/wp-content\/uploads\/2025\/02\/Piazzole_confort-dry-1152x1536.jpg 1152w, https:\/\/www.campingalporto.it\/wp-content\/uploads\/2025\/02\/Piazzole_confort-dry-1536x2048.jpg 1536w\" sizes=\"(max-width: 1920px) 100vw, 1920px\" \/>\t\t\t\t\t\t\t\t\t\t\t\t\t\t\t<\/div>\n\t\t\t\t<\/div>\n\t\t\t\t<div class=\"elementor-element elementor-element-9918c15 elementor-widget elementor-widget-heading\" data-id=\"9918c15\" data-element_type=\"widget\" data-widget_type=\"heading.default\">\n\t\t\t\t<div class=\"elementor-widget-container\">\n\t\t\t\t\t<h2 class=\"elementor-heading-title elementor-size-default\">CONFORT\/<br>CONFORT DRY (65\/75 m2)<\/h2>\t\t\t\t<\/div>\n\t\t\t\t<\/div>\n\t\t\t\t<div class=\"elementor-element elementor-element-c320aea elementor-widget elementor-widget-text-editor\" data-id=\"c320aea\" data-element_type=\"widget\" data-widget_type=\"text-editor.default\">\n\t\t\t\t<div class=\"elementor-widget-container\">\n\t\t\t\t\t\t\t\t\t<p>Vhodn\u00e9 pro obytn\u00e9 vozy <b>do 7,5 m<\/b>, <b>karavany<\/b> nebo<b> st\u0159edn\u011b velk\u00e9 stany <\/b>(uve\u010fte rozm\u011bry sv\u00e9ho vozidla). <b>V cen\u011b je zahrnuto auto na m\u00edst\u011b<\/b>, s v\u00fdjimkou t\u011bch, kte\u0159\u00ed p\u0159ijedou obytn\u00fdm vozem. Ti, kte\u0159\u00ed d\u00e1vaj\u00ed p\u0159ednost v\u011bt\u0161\u00edmu prostoru, mohou p\u0159i rezervaci po\u017e\u00e1dat o parkovac\u00ed m\u00edsto za poplatek. <b>V cen\u011b jsou zahrnuty 2 osoby,<\/b> p\u0159\u00edpojka elekt\u0159iny <b>16 A<\/b> a <b>spot\u0159eba 5 kWh na den<\/b>. <\/p>\t\t\t\t\t\t\t\t<\/div>\n\t\t\t\t<\/div>\n\t\t\t\t<\/div>\n\t\t\t\t<\/div>\n\t\t\t\t<\/div>\n\t\t<div class=\"elementor-element elementor-element-9ea2bae e-con-full e-grid e-con e-child\" data-id=\"9ea2bae\" data-element_type=\"container\" data-settings=\"{&quot;jet_parallax_layout_list&quot;:[]}\">\n\t\t<div class=\"elementor-element elementor-element-f7b72bc e-con-full e-flex elementor-invisible e-con e-child\" data-id=\"f7b72bc\" data-element_type=\"container\" data-settings=\"{&quot;background_background&quot;:&quot;classic&quot;,&quot;animation&quot;:&quot;fadeInUp&quot;,&quot;animation_mobile&quot;:&quot;fadeIn&quot;,&quot;jet_parallax_layout_list&quot;:[]}\">\n\t\t<div class=\"elementor-element elementor-element-15f6411 e-con-full e-flex elementor-invisible e-con e-child\" data-id=\"15f6411\" data-element_type=\"container\" data-settings=\"{&quot;animation&quot;:&quot;fadeInUp&quot;,&quot;animation_delay&quot;:300,&quot;jet_parallax_layout_list&quot;:[]}\">\n\t\t\t\t<div class=\"elementor-element elementor-element-abcb1e9 elementor-widget elementor-widget-image\" data-id=\"abcb1e9\" data-element_type=\"widget\" data-widget_type=\"image.default\">\n\t\t\t\t<div class=\"elementor-widget-container\">\n\t\t\t\t\t\t\t\t\t\t\t\t\t\t\t<img loading=\"lazy\" decoding=\"async\" width=\"800\" height=\"849\" src=\"https:\/\/www.campingalporto.it\/wp-content\/uploads\/2025\/01\/minigampling-965x1024.jpg\" class=\"attachment-large size-large wp-image-3173\" alt=\"\" srcset=\"https:\/\/www.campingalporto.it\/wp-content\/uploads\/2025\/01\/minigampling-965x1024.jpg 965w, https:\/\/www.campingalporto.it\/wp-content\/uploads\/2025\/01\/minigampling-283x300.jpg 283w, https:\/\/www.campingalporto.it\/wp-content\/uploads\/2025\/01\/minigampling-768x815.jpg 768w, https:\/\/www.campingalporto.it\/wp-content\/uploads\/2025\/01\/minigampling-1448x1536.jpg 1448w, https:\/\/www.campingalporto.it\/wp-content\/uploads\/2025\/01\/minigampling.jpg 1600w\" sizes=\"(max-width: 800px) 100vw, 800px\" \/>\t\t\t\t\t\t\t\t\t\t\t\t\t\t\t<\/div>\n\t\t\t\t<\/div>\n\t\t\t\t<div class=\"elementor-element elementor-element-8c22726 elementor-widget elementor-widget-heading\" data-id=\"8c22726\" data-element_type=\"widget\" data-widget_type=\"heading.default\">\n\t\t\t\t<div class=\"elementor-widget-container\">\n\t\t\t\t\t<h2 class=\"elementor-heading-title elementor-size-default\">GLAMPING<\/h2>\t\t\t\t<\/div>\n\t\t\t\t<\/div>\n\t\t\t\t<div class=\"elementor-element elementor-element-5e858ef elementor-widget elementor-widget-text-editor\" data-id=\"5e858ef\" data-element_type=\"widget\" data-widget_type=\"text-editor.default\">\n\t\t\t\t<div class=\"elementor-widget-container\">\n\t\t\t\t\t\t\t\t\t<p class=\"p1\">Hled\u00e1te<b>romantickou atmosf\u00e9ru<\/b> \u00fatuln\u00e9 lo\u017enice v p\u0159\u00edrodn\u00edch barv\u00e1ch a materi\u00e1lech, ale chcete b\u00fdt v <b>p\u0159\u00edm\u00e9m kontaktu s p\u0159\u00edrodou<\/b> a za\u017e\u00edt pocit <b>svobody<\/b>, kter\u00fd v\u00e1m m\u016f\u017ee poskytnout pouze stan uprost\u0159ed zelen\u011b? <b>Glamp Mini Stan je p\u0159esn\u011b pro v\u00e1s<\/b>! Ide\u00e1ln\u00ed \u0159e\u0161en\u00ed, pokud jste cyklista nebo motork\u00e1\u0159 a chcete se pohodln\u011b a \u010dist\u011b vyspat po dlouh\u00e9m v\u00fdlet\u011b.<\/p>\t\t\t\t\t\t\t\t<\/div>\n\t\t\t\t<\/div>\n\t\t\t\t<\/div>\n\t\t\t\t<\/div>\n\t\t<div class=\"elementor-element elementor-element-00b013a e-con-full e-flex elementor-invisible e-con e-child\" data-id=\"00b013a\" data-element_type=\"container\" data-settings=\"{&quot;background_background&quot;:&quot;classic&quot;,&quot;animation&quot;:&quot;fadeInUp&quot;,&quot;animation_mobile&quot;:&quot;fadeIn&quot;,&quot;jet_parallax_layout_list&quot;:[]}\">\n\t\t<div class=\"elementor-element elementor-element-107cd49 e-con-full e-flex elementor-invisible e-con e-child\" data-id=\"107cd49\" data-element_type=\"container\" data-settings=\"{&quot;animation&quot;:&quot;fadeInUp&quot;,&quot;animation_delay&quot;:400,&quot;jet_parallax_layout_list&quot;:[]}\">\n\t\t\t\t<div class=\"elementor-element elementor-element-ffd523d elementor-widget elementor-widget-image\" data-id=\"ffd523d\" data-element_type=\"widget\" data-widget_type=\"image.default\">\n\t\t\t\t<div class=\"elementor-widget-container\">\n\t\t\t\t\t\t\t\t\t\t\t\t\t\t\t<img loading=\"lazy\" decoding=\"async\" width=\"460\" height=\"460\" src=\"https:\/\/www.campingalporto.it\/wp-content\/uploads\/2025\/02\/Maxi.jpg\" class=\"attachment-full size-full wp-image-3479\" alt=\"\" srcset=\"https:\/\/www.campingalporto.it\/wp-content\/uploads\/2025\/02\/Maxi.jpg 460w, https:\/\/www.campingalporto.it\/wp-content\/uploads\/2025\/02\/Maxi-300x300.jpg 300w, https:\/\/www.campingalporto.it\/wp-content\/uploads\/2025\/02\/Maxi-150x150.jpg 150w\" sizes=\"(max-width: 460px) 100vw, 460px\" \/>\t\t\t\t\t\t\t\t\t\t\t\t\t\t\t<\/div>\n\t\t\t\t<\/div>\n\t\t\t\t<div class=\"elementor-element elementor-element-9e3244e elementor-widget elementor-widget-heading\" data-id=\"9e3244e\" data-element_type=\"widget\" data-widget_type=\"heading.default\">\n\t\t\t\t<div class=\"elementor-widget-container\">\n\t\t\t\t\t<h2 class=\"elementor-heading-title elementor-size-default\">MAXI (90\/100 m2)<\/h2>\t\t\t\t<\/div>\n\t\t\t\t<\/div>\n\t\t\t\t<div class=\"elementor-element elementor-element-98098df elementor-widget elementor-widget-text-editor\" data-id=\"98098df\" data-element_type=\"widget\" data-widget_type=\"text-editor.default\">\n\t\t\t\t<div class=\"elementor-widget-container\">\n\t\t\t\t\t\t\t\t\t<p>Ide\u00e1ln\u00ed pro <b>velk\u00e1 vozidla do 9 m<\/b> nebo <b>karavany<\/b> a <b>stany<\/b> pro pohodln\u011bj\u0161\u00ed pobyt. Mo\u017enost rezervace p\u0159i <b>minim\u00e1ln\u011b 3 osob\u00e1ch v cen\u011b<\/b>, kter\u00e1 zahrnuje p\u0159ipojen\u00ed k elektrick\u00e9 s\u00edti <b>16 A<\/b> a spot\u0159ebu <b>5<\/b> <b>kWh<\/b> denn\u011b. Je nutn\u00e9 sd\u011blit velikost vozidla, proto\u017ee p\u0159\u00edstupnost nen\u00ed pro v\u0161echny stejn\u00e1. <b>V cen\u011b tarifu je zahrnuto auto na m\u00edst\u011b<\/b>. Univerz\u00e1ln\u00ed a velmi \u017e\u00e1dan\u00e9, s dvojitou p\u0159\u00edpojkou elekt\u0159iny, <b>ka\u017ed\u00e9 maxi st\u00e1n\u00ed je vhodn\u00e9 i pro dvojice p\u0159\u00e1tel se dv\u011bma minivany nebo dv\u011bma mal\u00fdmi obytn\u00fdmi vozy do 6,5 m<\/b>.   <\/p>\t\t\t\t\t\t\t\t<\/div>\n\t\t\t\t<\/div>\n\t\t\t\t<\/div>\n\t\t\t\t<\/div>\n\t\t\t\t<\/div>\n\t\t\t\t<div class=\"elementor-element elementor-element-780dad0 elementor-widget__width-initial elementor-widget-mobile__width-inherit elementor-widget elementor-widget-text-editor\" data-id=\"780dad0\" data-element_type=\"widget\" data-widget_type=\"text-editor.default\">\n\t\t\t\t<div class=\"elementor-widget-container\">\n\t\t\t\t\t\t\t\t\t<p>*Pro ty, kte\u0159\u00ed necht\u011bj\u00ed nebo nemohou parkovat na vlastn\u00edm h\u0159i\u0161ti, p\u0159id\u011bl\u00ed veden\u00ed parkovac\u00ed m\u00edsto za p\u0159\u00edplatek.<\/p>\t\t\t\t\t\t\t\t<\/div>\n\t\t\t\t<\/div>\n\t\t\t\t\t<\/div>\n\t\t\t\t<\/div>\n\t\t<div class=\"elementor-element elementor-element-20120ea e-flex e-con-boxed e-con e-parent\" data-id=\"20120ea\" data-element_type=\"container\" id=\"appartamenti\" data-settings=\"{&quot;background_background&quot;:&quot;classic&quot;,&quot;jet_parallax_layout_list&quot;:[]}\">\n\t\t\t\t\t<div class=\"e-con-inner\">\n\t\t\t\t<div class=\"elementor-element elementor-element-00c929d elementor-widget-mobile__width-inherit elementor-widget elementor-widget-image\" data-id=\"00c929d\" data-element_type=\"widget\" data-widget_type=\"image.default\">\n\t\t\t\t<div class=\"elementor-widget-container\">\n\t\t\t\t\t\t\t\t\t\t\t\t\t\t\t<img loading=\"lazy\" decoding=\"async\" width=\"800\" height=\"725\" src=\"https:\/\/www.campingalporto.it\/wp-content\/uploads\/2025\/01\/tonelli-1024x928.png\" class=\"attachment-large size-large wp-image-3101\" alt=\"\" srcset=\"https:\/\/www.campingalporto.it\/wp-content\/uploads\/2025\/01\/tonelli-1024x928.png 1024w, https:\/\/www.campingalporto.it\/wp-content\/uploads\/2025\/01\/tonelli-300x272.png 300w, https:\/\/www.campingalporto.it\/wp-content\/uploads\/2025\/01\/tonelli-768x696.png 768w, https:\/\/www.campingalporto.it\/wp-content\/uploads\/2025\/01\/tonelli-1536x1392.png 1536w, https:\/\/www.campingalporto.it\/wp-content\/uploads\/2025\/01\/tonelli.png 1730w\" sizes=\"(max-width: 800px) 100vw, 800px\" \/>\t\t\t\t\t\t\t\t\t\t\t\t\t\t\t<\/div>\n\t\t\t\t<\/div>\n\t\t<div class=\"elementor-element elementor-element-bb09457 e-con-full e-flex e-con e-child\" data-id=\"bb09457\" data-element_type=\"container\" data-settings=\"{&quot;jet_parallax_layout_list&quot;:[]}\">\n\t\t\t\t<div class=\"elementor-element elementor-element-3b3f40a elementor-widget elementor-widget-heading\" data-id=\"3b3f40a\" data-element_type=\"widget\" data-widget_type=\"heading.default\">\n\t\t\t\t<div class=\"elementor-widget-container\">\n\t\t\t\t\t<h2 class=\"elementor-heading-title elementor-size-default\">tak\u00e9 zjistit.<\/h2>\t\t\t\t<\/div>\n\t\t\t\t<\/div>\n\t\t\t\t<div class=\"elementor-element elementor-element-921a07c elementor-widget elementor-widget-heading\" data-id=\"921a07c\" data-element_type=\"widget\" data-widget_type=\"heading.default\">\n\t\t\t\t<div class=\"elementor-widget-container\">\n\t\t\t\t\t<h2 class=\"elementor-heading-title elementor-size-default\">Byty<\/h2>\t\t\t\t<\/div>\n\t\t\t\t<\/div>\n\t\t\t\t<div class=\"elementor-element elementor-element-0b87634 elementor-widget elementor-widget-text-editor\" data-id=\"0b87634\" data-element_type=\"widget\" data-widget_type=\"text-editor.default\">\n\t\t\t\t<div class=\"elementor-widget-container\">\n\t\t\t\t\t\t\t\t\t<p>Casa Tonelli je velk\u00e1 vila v sousedstv\u00ed kempu, kter\u00e1 byla po n\u011bkolika letech, kdy byla domovem majitele, v roce 2012 kompletn\u011b zrekonstruov\u00e1na a zachovala si elegantn\u00ed architekturu s charakteristickou terasou orientovanou na jih a velk\u00fdm st\u0159e\u0161n\u00edm sol\u00e1riem. Vzniklo tak <strong>8 byt\u016f pro turistick\u00e9 vyu\u017eit\u00ed,<\/strong> z nich\u017e ka\u017ed\u00fd m\u00e1 vlastn\u00ed osobitost, pokud jde o uspo\u0159\u00e1d\u00e1n\u00ed a styl vybaven\u00ed. <\/p><p>V\u0161echny apartm\u00e1ny maj\u00ed ob\u00fdvac\u00ed pokoj s rozkl\u00e1dac\u00ed pohovkou a velkou kuchyn\u00ed s induk\u010dn\u00edm va\u0159i\u010dem, kompletn\u00ed koupelnu se sprchou, dvoul\u016f\u017ekovou lo\u017enici s d\u011bliteln\u00fdmi postelemi a velkou terasu nebo zast\u0159e\u0161en\u00e9 patio. V\u0161ichni host\u00e9 mohou tak\u00e9 vyu\u017e\u00edvat <strong>2 spole\u010dn\u00e9 terasy<\/strong> v\u010detn\u011b<strong> st\u0159e\u0161n\u00ed terasy vybaven\u00e9 leh\u00e1tky a v\u00ed\u0159ivkou, kter\u00e1 je ur\u010dena v\u00fdhradn\u011b pro hosty domu<\/strong>.<br><strong>Parkov\u00e1n\u00ed<\/strong> pro va\u0161e auto je v sousedstv\u00ed domu a samoz\u0159ejm\u011b uvnit\u0159 kempu. Pohodln\u00e1<strong>gar\u00e1\u017e s automatick\u00fdm zav\u00edr\u00e1n\u00edm a no\u010dn\u00edm alarmem<\/strong> v\u00e1m umo\u017en\u00ed bezpe\u010dn\u011b ponechat va\u0161e kolo. <strong>Stojan na plachty<\/strong> se nach\u00e1z\u00ed na dvo\u0159e vedle domu. <strong>Kola nen\u00ed mo\u017en\u00e9 vn\u00e1\u0161et do byt\u016f<\/strong>.    <\/p>\t\t\t\t\t\t\t\t<\/div>\n\t\t\t\t<\/div>\n\t\t\t\t<div class=\"elementor-element elementor-element-43d7579 elementor-widget elementor-widget-button\" data-id=\"43d7579\" data-element_type=\"widget\" data-widget_type=\"button.default\">\n\t\t\t\t<div class=\"elementor-widget-container\">\n\t\t\t\t\t\t\t\t\t<div class=\"elementor-button-wrapper\">\n\t\t\t\t\t<a class=\"elementor-button elementor-button-link elementor-size-sm\" href=\"https:\/\/www.campingalporto.it\/cs\/casa-tonelli\/\">\n\t\t\t\t\t\t<span class=\"elementor-button-content-wrapper\">\n\t\t\t\t\t\t\t\t\t<span class=\"elementor-button-text\">Zobrazit v\u0161echny byty<\/span>\n\t\t\t\t\t<\/span>\n\t\t\t\t\t<\/a>\n\t\t\t\t<\/div>\n\t\t\t\t\t\t\t\t<\/div>\n\t\t\t\t<\/div>\n\t\t\t\t<\/div>\n\t\t\t\t\t<\/div>\n\t\t\t\t<\/div>\n\t\t\t\t<\/div>\n\t\t","protected":false},"excerpt":{"rendered":"<p>kemp Jak z\u016fstat Velk\u00e1 \u010d\u00e1st ubytovac\u00ed plochy se nach\u00e1z\u00ed na tr\u00e1v\u011b a \u0161t\u011brku, kde je nutn\u00e9 um\u00edstit vozidlo, zat\u00edmco n\u011bkter\u00e1 m\u00edsta, o kter\u00e1 je velk\u00fd z\u00e1jem, jsou pokryta pouze p\u0159\u00edrodn\u00edm \u0161t\u011brkem. ide\u00e1ln\u00ed pro zvl\u00e1d\u00e1n\u00ed i t\u011bch nejn\u00e1ro\u010dn\u011bj\u0161\u00edch pov\u011btrnostn\u00edch podm\u00ednek. V\u00edce ne\u017e polovina h\u0159i\u0161\u0165 je napojena na vodovodn\u00ed a kanaliza\u010dn\u00ed s\u00ed\u0165a nab\u00edz\u00ed tak pohodl\u00ed p\u0159i z\u00e1sobov\u00e1n\u00ed [&hellip;]<\/p>\n","protected":false},"author":1,"featured_media":0,"parent":3838,"menu_order":0,"comment_status":"closed","ping_status":"closed","template":"elementor_header_footer","meta":{"footnotes":""},"class_list":["post-3719","page","type-page","status-publish","hentry"],"_links":{"self":[{"href":"https:\/\/www.campingalporto.it\/cs\/wp-json\/wp\/v2\/pages\/3719","targetHints":{"allow":["GET"]}}],"collection":[{"href":"https:\/\/www.campingalporto.it\/cs\/wp-json\/wp\/v2\/pages"}],"about":[{"href":"https:\/\/www.campingalporto.it\/cs\/wp-json\/wp\/v2\/types\/page"}],"author":[{"embeddable":true,"href":"https:\/\/www.campingalporto.it\/cs\/wp-json\/wp\/v2\/users\/1"}],"replies":[{"embeddable":true,"href":"https:\/\/www.campingalporto.it\/cs\/wp-json\/wp\/v2\/comments?post=3719"}],"version-history":[{"count":2,"href":"https:\/\/www.campingalporto.it\/cs\/wp-json\/wp\/v2\/pages\/3719\/revisions"}],"predecessor-version":[{"id":4630,"href":"https:\/\/www.campingalporto.it\/cs\/wp-json\/wp\/v2\/pages\/3719\/revisions\/4630"}],"up":[{"embeddable":true,"href":"https:\/\/www.campingalporto.it\/cs\/wp-json\/wp\/v2\/pages\/3838"}],"wp:attachment":[{"href":"https:\/\/www.campingalporto.it\/cs\/wp-json\/wp\/v2\/media?parent=3719"}],"curies":[{"name":"wp","href":"https:\/\/api.w.org\/{rel}","templated":true}]}}