{"id":3710,"date":"2025-01-16T11:43:11","date_gmt":"2025-01-16T10:43:11","guid":{"rendered":"https:\/\/campingalporto.it\/wie-man-bleibt\/"},"modified":"2025-04-30T10:54:39","modified_gmt":"2025-04-30T08:54:39","slug":"wie-man-ubernachtet","status":"publish","type":"page","link":"https:\/\/www.campingalporto.it\/de\/der-campingplatz\/wie-man-ubernachtet\/","title":{"rendered":"Wie man \u00fcbernachtet<br>"},"content":{"rendered":"\t\t<div data-elementor-type=\"wp-page\" data-elementor-id=\"3710\" class=\"elementor elementor-3710 elementor-300\" data-elementor-post-type=\"page\">\n\t\t\t\t<div class=\"elementor-element elementor-element-b841226 hero-section e-flex e-con-boxed e-con e-parent\" data-id=\"b841226\" data-element_type=\"container\" data-settings=\"{&quot;background_background&quot;:&quot;classic&quot;,&quot;jet_parallax_layout_list&quot;:[]}\">\n\t\t\t\t\t<div class=\"e-con-inner\">\n\t\t\t\t\t<\/div>\n\t\t\t\t<\/div>\n\t\t<div class=\"elementor-element elementor-element-a0e7df2 e-flex e-con-boxed e-con e-parent\" data-id=\"a0e7df2\" data-element_type=\"container\" data-settings=\"{&quot;jet_parallax_layout_list&quot;:[]}\">\n\t\t\t\t\t<div class=\"e-con-inner\">\n\t\t\t\t<div class=\"elementor-element elementor-element-b4ffc78 elementor-widget elementor-widget-template\" data-id=\"b4ffc78\" data-element_type=\"widget\" data-widget_type=\"template.default\">\n\t\t\t\t<div class=\"elementor-widget-container\">\n\t\t\t\t\t\t\t<div class=\"elementor-template\">\n\t\t\t\t\t<div data-elementor-type=\"container\" data-elementor-id=\"3779\" class=\"elementor elementor-3779 elementor-321\" data-elementor-post-type=\"elementor_library\">\n\t\t\t\t<div class=\"elementor-element elementor-element-3bcc4615 e-flex e-con-boxed e-con e-parent\" data-id=\"3bcc4615\" data-element_type=\"container\" data-settings=\"{&quot;background_background&quot;:&quot;classic&quot;,&quot;jet_parallax_layout_list&quot;:[]}\">\n\t\t\t\t\t<div class=\"e-con-inner\">\n\t\t\t\t<div class=\"elementor-element elementor-element-261f5a8f menu-special elementor-widget elementor-widget-heading\" data-id=\"261f5a8f\" data-element_type=\"widget\" data-widget_type=\"heading.default\">\n\t\t\t\t<div class=\"elementor-widget-container\">\n\t\t\t\t\t<h2 class=\"elementor-heading-title elementor-size-default\"><a href=\"https:\/\/www.campingalporto.it\/il-camping\/\">Der Zeltplatz<\/a><\/h2>\t\t\t\t<\/div>\n\t\t\t\t<\/div>\n\t\t\t\t<div class=\"elementor-element elementor-element-36c0f7fe elementor-nav-menu--dropdown-mobile elementor-nav-menu__text-align-center elementor-widget elementor-widget-nav-menu\" data-id=\"36c0f7fe\" data-element_type=\"widget\" data-settings=\"{&quot;layout&quot;:&quot;horizontal&quot;,&quot;submenu_icon&quot;:{&quot;value&quot;:&quot;&lt;svg aria-hidden=\\&quot;true\\&quot; class=\\&quot;e-font-icon-svg e-fas-caret-down\\&quot; viewBox=\\&quot;0 0 320 512\\&quot; xmlns=\\&quot;http:\\\/\\\/www.w3.org\\\/2000\\\/svg\\&quot;&gt;&lt;path d=\\&quot;M31.3 192h257.3c17.8 0 26.7 21.5 14.1 34.1L174.1 354.8c-7.8 7.8-20.5 7.8-28.3 0L17.2 226.1C4.6 213.5 13.5 192 31.3 192z\\&quot;&gt;&lt;\\\/path&gt;&lt;\\\/svg&gt;&quot;,&quot;library&quot;:&quot;fa-solid&quot;}}\" data-widget_type=\"nav-menu.default\">\n\t\t\t\t<div class=\"elementor-widget-container\">\n\t\t\t\t\t\t\t\t<nav aria-label=\"Menu\" class=\"elementor-nav-menu--main elementor-nav-menu__container elementor-nav-menu--layout-horizontal e--pointer-none\">\n\t\t\t\t<ul id=\"menu-1-36c0f7fe\" class=\"elementor-nav-menu\"><li class=\"menu-item menu-item-type-post_type menu-item-object-page menu-item-307\"><a href=\"https:\/\/www.campingalporto.it\/il-camping\/riqualificazione\/\" class=\"elementor-item\">Neuentwicklung<\/a><\/li>\n<li class=\"menu-item menu-item-type-post_type menu-item-object-page menu-item-306\"><a href=\"https:\/\/www.campingalporto.it\/il-camping\/bistrot\/\" class=\"elementor-item\">Bistrot<\/a><\/li>\n<li class=\"menu-item menu-item-type-post_type menu-item-object-page menu-item-305\"><a href=\"https:\/\/www.campingalporto.it\/il-camping\/come-alloggiare\/\" class=\"elementor-item\">Wie man \u00fcbernachtet<br><\/a><\/li>\n<li class=\"menu-item menu-item-type-post_type menu-item-object-page menu-item-304\"><a href=\"https:\/\/www.campingalporto.it\/il-camping\/servizi\/\" class=\"elementor-item\">Dienstleistungen<\/a><\/li>\n<\/ul>\t\t\t<\/nav>\n\t\t\t\t\t\t<nav class=\"elementor-nav-menu--dropdown elementor-nav-menu__container\" aria-hidden=\"true\">\n\t\t\t\t<ul id=\"menu-2-36c0f7fe\" class=\"elementor-nav-menu\"><li class=\"menu-item menu-item-type-post_type menu-item-object-page menu-item-307\"><a href=\"https:\/\/www.campingalporto.it\/il-camping\/riqualificazione\/\" class=\"elementor-item\" tabindex=\"-1\">Neuentwicklung<\/a><\/li>\n<li class=\"menu-item menu-item-type-post_type menu-item-object-page menu-item-306\"><a href=\"https:\/\/www.campingalporto.it\/il-camping\/bistrot\/\" class=\"elementor-item\" tabindex=\"-1\">Bistrot<\/a><\/li>\n<li class=\"menu-item menu-item-type-post_type menu-item-object-page menu-item-305\"><a href=\"https:\/\/www.campingalporto.it\/il-camping\/come-alloggiare\/\" class=\"elementor-item\" tabindex=\"-1\">Wie man \u00fcbernachtet<br><\/a><\/li>\n<li class=\"menu-item menu-item-type-post_type menu-item-object-page menu-item-304\"><a href=\"https:\/\/www.campingalporto.it\/il-camping\/servizi\/\" class=\"elementor-item\" tabindex=\"-1\">Dienstleistungen<\/a><\/li>\n<\/ul>\t\t\t<\/nav>\n\t\t\t\t\t\t<\/div>\n\t\t\t\t<\/div>\n\t\t\t\t\t<\/div>\n\t\t\t\t<\/div>\n\t\t\t\t<\/div>\n\t\t\t\t<\/div>\n\t\t\t\t\t\t<\/div>\n\t\t\t\t<\/div>\n\t\t\t\t\t<\/div>\n\t\t\t\t<\/div>\n\t\t<div class=\"elementor-element elementor-element-3050733 e-flex e-con-boxed e-con e-parent\" data-id=\"3050733\" data-element_type=\"container\" data-settings=\"{&quot;jet_parallax_layout_list&quot;:[]}\">\n\t\t\t\t\t<div class=\"e-con-inner\">\n\t\t<div class=\"elementor-element elementor-element-363583f e-con-full e-flex e-con e-child\" data-id=\"363583f\" data-element_type=\"container\" data-settings=\"{&quot;jet_parallax_layout_list&quot;:[]}\">\n\t\t\t\t<div class=\"elementor-element elementor-element-ba3e5b7 elementor-widget elementor-widget-heading\" data-id=\"ba3e5b7\" data-element_type=\"widget\" data-widget_type=\"heading.default\">\n\t\t\t\t<div class=\"elementor-widget-container\">\n\t\t\t\t\t<h2 class=\"elementor-heading-title elementor-size-default\">der Campingplatz<\/h2>\t\t\t\t<\/div>\n\t\t\t\t<\/div>\n\t\t\t\t<div class=\"elementor-element elementor-element-3051937 elementor-widget elementor-widget-heading\" data-id=\"3051937\" data-element_type=\"widget\" data-widget_type=\"heading.default\">\n\t\t\t\t<div class=\"elementor-widget-container\">\n\t\t\t\t\t<h2 class=\"elementor-heading-title elementor-size-default\">Wie man \u00fcbernachtet<br><\/h2>\t\t\t\t<\/div>\n\t\t\t\t<\/div>\n\t\t\t\t<div class=\"elementor-element elementor-element-f29fd4f elementor-widget elementor-widget-text-editor\" data-id=\"f29fd4f\" data-element_type=\"widget\" data-widget_type=\"text-editor.default\">\n\t\t\t\t<div class=\"elementor-widget-container\">\n\t\t\t\t\t\t\t\t\t<p><span style=\"font-weight: 400;\">Ein gro\u00dfer Teil der Unterk\u00fcnfte liegt auf <\/span><b>Gras <\/b>und<b> Schotter<\/b><span style=\"font-weight: 400;\">, auf dem das Fahrzeug abgestellt werden muss, w\u00e4hrend einige stark nachgefragte Stellpl\u00e4tze nur mit <\/span><b>Naturschotter<\/b> bedeckt sind. <span style=\"font-weight: 400;\">ideal f\u00fcr die Bew\u00e4ltigung auch der schwierigsten Wetterbedingungen. Mehr als die H\u00e4lfte der Stellpl\u00e4tze sind mit dem   <\/span><b>Wasser- und Abwassernetz <\/b><span style=\"font-weight: 400;\">und bietet so den Komfort, dass Trinkwasser und Abwasser direkt auf dem Stellplatz abgeleitet werden k\u00f6nnen.<\/span><\/p><p><span style=\"font-weight: 400;\">Die G\u00e4ste k\u00f6nnen zwischen verschiedenen Stellplatztypen w\u00e4hlen, je nach ihren Bed\u00fcrfnissen oder der Gr\u00f6\u00dfe ihres Fahrzeugs. Sie reichen von   <\/span><b>ECO<\/b><span style=\"font-weight: 400;\">, ideal f\u00fcr Zeltreisende ohne Auto, bis hin zum ger\u00e4umigen <\/span><b>MAXI <\/b><span style=\"font-weight: 400;\">die maximalen Komfort garantieren. Jeder Stellplatz ist mit einem Stromanschluss von  <\/span><b>16A<\/b><span style=\"font-weight: 400;\"> mit Verbrauchsanzeige, und der Tagessatz umfasst<\/span><b> 5 kW<\/b><span style=\"font-weight: 400;\"> des Verbrauchs. <\/span><b>Haustiere sind auf dem gesamten Campingplatz willkommen <\/b><span style=\"font-weight: 400;\">mit Ausnahme der Wohnungen und des Poolbereichs.<\/span><\/p>\t\t\t\t\t\t\t\t<\/div>\n\t\t\t\t<\/div>\n\t\t\t\t<\/div>\n\t\t\t\t<div class=\"elementor-element elementor-element-fe73645 elementor-widget__width-inherit elementor-widget elementor-widget-image\" data-id=\"fe73645\" data-element_type=\"widget\" data-widget_type=\"image.default\">\n\t\t\t\t<div class=\"elementor-widget-container\">\n\t\t\t\t\t\t\t\t\t\t\t\t\t\t\t<img fetchpriority=\"high\" decoding=\"async\" width=\"1730\" height=\"1568\" src=\"https:\/\/www.campingalporto.it\/wp-content\/uploads\/2025\/02\/comealloggiare-immagine.png\" class=\"attachment-full size-full wp-image-3307\" alt=\"\" srcset=\"https:\/\/www.campingalporto.it\/wp-content\/uploads\/2025\/02\/comealloggiare-immagine.png 1730w, https:\/\/www.campingalporto.it\/wp-content\/uploads\/2025\/02\/comealloggiare-immagine-300x272.png 300w, https:\/\/www.campingalporto.it\/wp-content\/uploads\/2025\/02\/comealloggiare-immagine-1024x928.png 1024w, https:\/\/www.campingalporto.it\/wp-content\/uploads\/2025\/02\/comealloggiare-immagine-768x696.png 768w, https:\/\/www.campingalporto.it\/wp-content\/uploads\/2025\/02\/comealloggiare-immagine-1536x1392.png 1536w\" sizes=\"(max-width: 1730px) 100vw, 1730px\" \/>\t\t\t\t\t\t\t\t\t\t\t\t\t\t\t<\/div>\n\t\t\t\t<\/div>\n\t\t\t\t\t<\/div>\n\t\t\t\t<\/div>\n\t\t<div class=\"elementor-element elementor-element-c7c19f7 e-flex e-con-boxed e-con e-parent\" data-id=\"c7c19f7\" data-element_type=\"container\" id=\"piazzole\" data-settings=\"{&quot;jet_parallax_layout_list&quot;:[]}\">\n\t\t\t\t\t<div class=\"e-con-inner\">\n\t\t\t\t<div class=\"elementor-element elementor-element-f11687b elementor-widget elementor-widget-heading\" data-id=\"f11687b\" data-element_type=\"widget\" data-widget_type=\"heading.default\">\n\t\t\t\t<div class=\"elementor-widget-container\">\n\t\t\t\t\t<h2 class=\"elementor-heading-title elementor-size-default\">Unser Angebot umfasst<\/h2>\t\t\t\t<\/div>\n\t\t\t\t<\/div>\n\t\t\t\t<div class=\"elementor-element elementor-element-fe27df9 elementor-widget elementor-widget-heading\" data-id=\"fe27df9\" data-element_type=\"widget\" data-widget_type=\"heading.default\">\n\t\t\t\t<div class=\"elementor-widget-container\">\n\t\t\t\t\t<h2 class=\"elementor-heading-title elementor-size-default\">Camping-Stellpl\u00e4tze<\/h2>\t\t\t\t<\/div>\n\t\t\t\t<\/div>\n\t\t<div class=\"elementor-element elementor-element-f0eb5c4 e-con-full e-grid e-con e-child\" data-id=\"f0eb5c4\" data-element_type=\"container\" data-settings=\"{&quot;jet_parallax_layout_list&quot;:[]}\">\n\t\t<div class=\"elementor-element elementor-element-3b28ffa e-con-full e-flex elementor-invisible e-con e-child\" data-id=\"3b28ffa\" data-element_type=\"container\" data-settings=\"{&quot;background_background&quot;:&quot;classic&quot;,&quot;animation&quot;:&quot;fadeInUp&quot;,&quot;animation_mobile&quot;:&quot;fadeIn&quot;,&quot;jet_parallax_layout_list&quot;:[]}\">\n\t\t<div class=\"elementor-element elementor-element-767f7d7 e-con-full e-flex elementor-invisible e-con e-child\" data-id=\"767f7d7\" data-element_type=\"container\" data-settings=\"{&quot;animation&quot;:&quot;fadeInUp&quot;,&quot;jet_parallax_layout_list&quot;:[]}\">\n\t\t\t\t<div class=\"elementor-element elementor-element-fdb2776 elementor-widget elementor-widget-image\" data-id=\"fdb2776\" data-element_type=\"widget\" data-widget_type=\"image.default\">\n\t\t\t\t<div class=\"elementor-widget-container\">\n\t\t\t\t\t\t\t\t\t\t\t\t\t\t\t<img decoding=\"async\" width=\"800\" height=\"800\" src=\"https:\/\/www.campingalporto.it\/wp-content\/uploads\/2025\/02\/Eco-1024x1024.jpg\" class=\"attachment-large size-large wp-image-3469\" alt=\"\" srcset=\"https:\/\/www.campingalporto.it\/wp-content\/uploads\/2025\/02\/Eco-1024x1024.jpg 1024w, https:\/\/www.campingalporto.it\/wp-content\/uploads\/2025\/02\/Eco-300x300.jpg 300w, https:\/\/www.campingalporto.it\/wp-content\/uploads\/2025\/02\/Eco-150x150.jpg 150w, https:\/\/www.campingalporto.it\/wp-content\/uploads\/2025\/02\/Eco-768x768.jpg 768w, https:\/\/www.campingalporto.it\/wp-content\/uploads\/2025\/02\/Eco-1536x1536.jpg 1536w, https:\/\/www.campingalporto.it\/wp-content\/uploads\/2025\/02\/Eco.jpg 1600w\" sizes=\"(max-width: 800px) 100vw, 800px\" \/>\t\t\t\t\t\t\t\t\t\t\t\t\t\t\t<\/div>\n\t\t\t\t<\/div>\n\t\t\t\t<div class=\"elementor-element elementor-element-4e44198 elementor-widget elementor-widget-heading\" data-id=\"4e44198\" data-element_type=\"widget\" data-widget_type=\"heading.default\">\n\t\t\t\t<div class=\"elementor-widget-container\">\n\t\t\t\t\t<h2 class=\"elementor-heading-title elementor-size-default\">ECO (25\/40m\u00b2)<\/h2>\t\t\t\t<\/div>\n\t\t\t\t<\/div>\n\t\t\t\t<div class=\"elementor-element elementor-element-443331e elementor-widget elementor-widget-text-editor\" data-id=\"443331e\" data-element_type=\"widget\" data-widget_type=\"text-editor.default\">\n\t\t\t\t<div class=\"elementor-widget-container\">\n\t\t\t\t\t\t\t\t\t<p>Die <b>\u00d6ko-Stellpl\u00e4tze<\/b>, die in der Mitte des Campingplatzes im Schatten von Schwarzkiefern und Zedern liegen, bieten ein <b>authentisches Campingerlebnis<\/b>. Dieser kleine Bereich, der <b>an den Spielplatz angrenzt und nicht von Fahrzeugen befahren<\/b> wird, ist nur zu <b>Fu\u00df<\/b> oder <b>mit dem Fahrrad<\/b> erreichbar. Alle Pl\u00e4tze haben einen <b>eigenen Stromanschluss. <\/b>Zeltpl\u00e4tze k\u00f6nnen ohne Auto gebucht werden; <b>wer mit dem Auto anreisen m\u00f6chte, sollte sich beim Campingplatz nach der Verf\u00fcgbarkeit von geb\u00fchrenpflichtigen Parkpl\u00e4tzen er<\/b>kundigen.  <\/p>\t\t\t\t\t\t\t\t<\/div>\n\t\t\t\t<\/div>\n\t\t\t\t<\/div>\n\t\t\t\t<\/div>\n\t\t<div class=\"elementor-element elementor-element-210ec85 e-con-full e-flex elementor-invisible e-con e-child\" data-id=\"210ec85\" data-element_type=\"container\" data-settings=\"{&quot;background_background&quot;:&quot;classic&quot;,&quot;animation&quot;:&quot;fadeInUp&quot;,&quot;animation_mobile&quot;:&quot;fadeIn&quot;,&quot;jet_parallax_layout_list&quot;:[]}\">\n\t\t<div class=\"elementor-element elementor-element-76d53a2 e-con-full e-flex elementor-invisible e-con e-child\" data-id=\"76d53a2\" data-element_type=\"container\" data-settings=\"{&quot;animation&quot;:&quot;fadeInUp&quot;,&quot;animation_delay&quot;:100,&quot;jet_parallax_layout_list&quot;:[]}\">\n\t\t\t\t<div class=\"elementor-element elementor-element-12104a8 elementor-widget elementor-widget-image\" data-id=\"12104a8\" data-element_type=\"widget\" data-widget_type=\"image.default\">\n\t\t\t\t<div class=\"elementor-widget-container\">\n\t\t\t\t\t\t\t\t\t\t\t\t\t\t\t<img decoding=\"async\" width=\"1029\" height=\"1029\" src=\"https:\/\/www.campingalporto.it\/wp-content\/uploads\/2025\/02\/piazzola-minibus.jpg\" class=\"attachment-full size-full wp-image-3283\" alt=\"\" srcset=\"https:\/\/www.campingalporto.it\/wp-content\/uploads\/2025\/02\/piazzola-minibus.jpg 1029w, https:\/\/www.campingalporto.it\/wp-content\/uploads\/2025\/02\/piazzola-minibus-300x300.jpg 300w, https:\/\/www.campingalporto.it\/wp-content\/uploads\/2025\/02\/piazzola-minibus-1024x1024.jpg 1024w, https:\/\/www.campingalporto.it\/wp-content\/uploads\/2025\/02\/piazzola-minibus-150x150.jpg 150w, https:\/\/www.campingalporto.it\/wp-content\/uploads\/2025\/02\/piazzola-minibus-768x768.jpg 768w\" sizes=\"(max-width: 1029px) 100vw, 1029px\" \/>\t\t\t\t\t\t\t\t\t\t\t\t\t\t\t<\/div>\n\t\t\t\t<\/div>\n\t\t\t\t<div class=\"elementor-element elementor-element-e44adb0 elementor-widget elementor-widget-heading\" data-id=\"e44adb0\" data-element_type=\"widget\" data-widget_type=\"heading.default\">\n\t\t\t\t<div class=\"elementor-widget-container\">\n\t\t\t\t\t<h2 class=\"elementor-heading-title elementor-size-default\">Kleinbus (35\/45m\u00b2)<\/h2>\t\t\t\t<\/div>\n\t\t\t\t<\/div>\n\t\t\t\t<div class=\"elementor-element elementor-element-b4095c8 elementor-widget elementor-widget-text-editor\" data-id=\"b4095c8\" data-element_type=\"widget\" data-widget_type=\"text-editor.default\">\n\t\t\t\t<div class=\"elementor-widget-container\">\n\t\t\t\t\t\t\t\t\t<p>Die <strong>Mini-Bus-Stellpl\u00e4tze<\/strong> sind speziell f\u00fcr G\u00e4ste gedacht, die den <strong>Komfort und die Flexibilit\u00e4t von ausgestatteten Minivans mit<\/strong> einer L\u00e4nge von <strong>bis zu 5 m<\/strong> sch\u00e4tzen. Perfekt f\u00fcr alle, die einen wendigen und dynamischen Lebensstil suchen. <\/p>\t\t\t\t\t\t\t\t<\/div>\n\t\t\t\t<\/div>\n\t\t\t\t<\/div>\n\t\t\t\t<\/div>\n\t\t<div class=\"elementor-element elementor-element-999c899 e-con-full e-flex elementor-invisible e-con e-child\" data-id=\"999c899\" data-element_type=\"container\" data-settings=\"{&quot;background_background&quot;:&quot;classic&quot;,&quot;animation&quot;:&quot;fadeInUp&quot;,&quot;animation_mobile&quot;:&quot;fadeIn&quot;,&quot;jet_parallax_layout_list&quot;:[]}\">\n\t\t<div class=\"elementor-element elementor-element-3ad3bc2 e-con-full e-flex elementor-invisible e-con e-child\" data-id=\"3ad3bc2\" data-element_type=\"container\" data-settings=\"{&quot;animation&quot;:&quot;fadeInUp&quot;,&quot;animation_delay&quot;:200,&quot;jet_parallax_layout_list&quot;:[]}\">\n\t\t\t\t<div class=\"elementor-element elementor-element-0ad70f5 elementor-widget elementor-widget-image\" data-id=\"0ad70f5\" data-element_type=\"widget\" data-widget_type=\"image.default\">\n\t\t\t\t<div class=\"elementor-widget-container\">\n\t\t\t\t\t\t\t\t\t\t\t\t\t\t\t<img loading=\"lazy\" decoding=\"async\" width=\"1920\" height=\"2560\" src=\"https:\/\/www.campingalporto.it\/wp-content\/uploads\/2025\/02\/Piazzole_confort-dry-scaled.jpg\" class=\"attachment-full size-full wp-image-3472\" alt=\"\" srcset=\"https:\/\/www.campingalporto.it\/wp-content\/uploads\/2025\/02\/Piazzole_confort-dry-scaled.jpg 1920w, https:\/\/www.campingalporto.it\/wp-content\/uploads\/2025\/02\/Piazzole_confort-dry-225x300.jpg 225w, https:\/\/www.campingalporto.it\/wp-content\/uploads\/2025\/02\/Piazzole_confort-dry-768x1024.jpg 768w, https:\/\/www.campingalporto.it\/wp-content\/uploads\/2025\/02\/Piazzole_confort-dry-1152x1536.jpg 1152w, https:\/\/www.campingalporto.it\/wp-content\/uploads\/2025\/02\/Piazzole_confort-dry-1536x2048.jpg 1536w\" sizes=\"(max-width: 1920px) 100vw, 1920px\" \/>\t\t\t\t\t\t\t\t\t\t\t\t\t\t\t<\/div>\n\t\t\t\t<\/div>\n\t\t\t\t<div class=\"elementor-element elementor-element-9918c15 elementor-widget elementor-widget-heading\" data-id=\"9918c15\" data-element_type=\"widget\" data-widget_type=\"heading.default\">\n\t\t\t\t<div class=\"elementor-widget-container\">\n\t\t\t\t\t<h2 class=\"elementor-heading-title elementor-size-default\">CONFORT\/<br>CONFORT DRY (65\/75 qm)<\/h2>\t\t\t\t<\/div>\n\t\t\t\t<\/div>\n\t\t\t\t<div class=\"elementor-element elementor-element-c320aea elementor-widget elementor-widget-text-editor\" data-id=\"c320aea\" data-element_type=\"widget\" data-widget_type=\"text-editor.default\">\n\t\t\t\t<div class=\"elementor-widget-container\">\n\t\t\t\t\t\t\t\t\t<p>Geeignet f\u00fcr Wohnmobile <b>bis zu 7,5 m<\/b>, <b>Wohnwagen<\/b> oder<b> mittelgro\u00dfe Zelte <\/b>(bitte geben Sie die Ma\u00dfe Ihres Fahrzeugs an). <b>Im Preis inbegriffen ist ein Auto vor Ort<\/b>, au\u00dfer f\u00fcr diejenigen, die mit einem Wohnmobil anreisen. Wer mehr Platz w\u00fcnscht, kann bei der Buchung einen kostenpflichtigen Stellplatz anfordern. <b>2 Personen<\/b>, <b>16A-Stromanschluss<\/b> und <b>5 kWh Verbrauch pro Tag<\/b> <b>sind inbegriffen<\/b>. <\/p>\t\t\t\t\t\t\t\t<\/div>\n\t\t\t\t<\/div>\n\t\t\t\t<\/div>\n\t\t\t\t<\/div>\n\t\t\t\t<\/div>\n\t\t<div class=\"elementor-element elementor-element-9ea2bae e-con-full e-grid e-con e-child\" data-id=\"9ea2bae\" data-element_type=\"container\" data-settings=\"{&quot;jet_parallax_layout_list&quot;:[]}\">\n\t\t<div class=\"elementor-element elementor-element-f7b72bc e-con-full e-flex elementor-invisible e-con e-child\" data-id=\"f7b72bc\" data-element_type=\"container\" data-settings=\"{&quot;background_background&quot;:&quot;classic&quot;,&quot;animation&quot;:&quot;fadeInUp&quot;,&quot;animation_mobile&quot;:&quot;fadeIn&quot;,&quot;jet_parallax_layout_list&quot;:[]}\">\n\t\t<div class=\"elementor-element elementor-element-15f6411 e-con-full e-flex elementor-invisible e-con e-child\" data-id=\"15f6411\" data-element_type=\"container\" data-settings=\"{&quot;animation&quot;:&quot;fadeInUp&quot;,&quot;animation_delay&quot;:300,&quot;jet_parallax_layout_list&quot;:[]}\">\n\t\t\t\t<div class=\"elementor-element elementor-element-abcb1e9 elementor-widget elementor-widget-image\" data-id=\"abcb1e9\" data-element_type=\"widget\" data-widget_type=\"image.default\">\n\t\t\t\t<div class=\"elementor-widget-container\">\n\t\t\t\t\t\t\t\t\t\t\t\t\t\t\t<img loading=\"lazy\" decoding=\"async\" width=\"800\" height=\"849\" src=\"https:\/\/www.campingalporto.it\/wp-content\/uploads\/2025\/01\/minigampling-965x1024.jpg\" class=\"attachment-large size-large wp-image-3175\" alt=\"\" srcset=\"https:\/\/www.campingalporto.it\/wp-content\/uploads\/2025\/01\/minigampling-965x1024.jpg 965w, https:\/\/www.campingalporto.it\/wp-content\/uploads\/2025\/01\/minigampling-283x300.jpg 283w, https:\/\/www.campingalporto.it\/wp-content\/uploads\/2025\/01\/minigampling-768x815.jpg 768w, https:\/\/www.campingalporto.it\/wp-content\/uploads\/2025\/01\/minigampling-1448x1536.jpg 1448w, https:\/\/www.campingalporto.it\/wp-content\/uploads\/2025\/01\/minigampling.jpg 1600w\" sizes=\"(max-width: 800px) 100vw, 800px\" \/>\t\t\t\t\t\t\t\t\t\t\t\t\t\t\t<\/div>\n\t\t\t\t<\/div>\n\t\t\t\t<div class=\"elementor-element elementor-element-8c22726 elementor-widget elementor-widget-heading\" data-id=\"8c22726\" data-element_type=\"widget\" data-widget_type=\"heading.default\">\n\t\t\t\t<div class=\"elementor-widget-container\">\n\t\t\t\t\t<h2 class=\"elementor-heading-title elementor-size-default\">GLAMPING<\/h2>\t\t\t\t<\/div>\n\t\t\t\t<\/div>\n\t\t\t\t<div class=\"elementor-element elementor-element-5e858ef elementor-widget elementor-widget-text-editor\" data-id=\"5e858ef\" data-element_type=\"widget\" data-widget_type=\"text-editor.default\">\n\t\t\t\t<div class=\"elementor-widget-container\">\n\t\t\t\t\t\t\t\t\t<p class=\"p1\">Sie suchen die <b>romantische Atmosph\u00e4re<\/b> eines gem\u00fctlichen Schlafzimmers mit nat\u00fcrlichen Farben und Materialien, wollen aber in <b>direktem Kontakt mit der Natur<\/b> sein und das Gef\u00fchl von <b>Freiheit<\/b> erleben, das nur ein Zelt mitten im Gr\u00fcnen bieten kann? <b>Dann ist das Glamp Mini Tent genau das Richtige f\u00fcr Sie<\/b>! Es ist die ideale L\u00f6sun, wenn Sie Radfahrer oder Biker sind und nach einer langen Tour bequem und sauber schlafen wollen<\/p>\t\t\t\t\t\t\t\t<\/div>\n\t\t\t\t<\/div>\n\t\t\t\t<\/div>\n\t\t\t\t<\/div>\n\t\t<div class=\"elementor-element elementor-element-00b013a e-con-full e-flex elementor-invisible e-con e-child\" data-id=\"00b013a\" data-element_type=\"container\" data-settings=\"{&quot;background_background&quot;:&quot;classic&quot;,&quot;animation&quot;:&quot;fadeInUp&quot;,&quot;animation_mobile&quot;:&quot;fadeIn&quot;,&quot;jet_parallax_layout_list&quot;:[]}\">\n\t\t<div class=\"elementor-element elementor-element-107cd49 e-con-full e-flex elementor-invisible e-con e-child\" data-id=\"107cd49\" data-element_type=\"container\" data-settings=\"{&quot;animation&quot;:&quot;fadeInUp&quot;,&quot;animation_delay&quot;:400,&quot;jet_parallax_layout_list&quot;:[]}\">\n\t\t\t\t<div class=\"elementor-element elementor-element-ffd523d elementor-widget elementor-widget-image\" data-id=\"ffd523d\" data-element_type=\"widget\" data-widget_type=\"image.default\">\n\t\t\t\t<div class=\"elementor-widget-container\">\n\t\t\t\t\t\t\t\t\t\t\t\t\t\t\t<img loading=\"lazy\" decoding=\"async\" width=\"460\" height=\"460\" src=\"https:\/\/www.campingalporto.it\/wp-content\/uploads\/2025\/02\/Maxi.jpg\" class=\"attachment-full size-full wp-image-3481\" alt=\"\" srcset=\"https:\/\/www.campingalporto.it\/wp-content\/uploads\/2025\/02\/Maxi.jpg 460w, https:\/\/www.campingalporto.it\/wp-content\/uploads\/2025\/02\/Maxi-300x300.jpg 300w, https:\/\/www.campingalporto.it\/wp-content\/uploads\/2025\/02\/Maxi-150x150.jpg 150w\" sizes=\"(max-width: 460px) 100vw, 460px\" \/>\t\t\t\t\t\t\t\t\t\t\t\t\t\t\t<\/div>\n\t\t\t\t<\/div>\n\t\t\t\t<div class=\"elementor-element elementor-element-9e3244e elementor-widget elementor-widget-heading\" data-id=\"9e3244e\" data-element_type=\"widget\" data-widget_type=\"heading.default\">\n\t\t\t\t<div class=\"elementor-widget-container\">\n\t\t\t\t\t<h2 class=\"elementor-heading-title elementor-size-default\">MAXI (90\/100sqm)<\/h2>\t\t\t\t<\/div>\n\t\t\t\t<\/div>\n\t\t\t\t<div class=\"elementor-element elementor-element-98098df elementor-widget elementor-widget-text-editor\" data-id=\"98098df\" data-element_type=\"widget\" data-widget_type=\"text-editor.default\">\n\t\t\t\t<div class=\"elementor-widget-container\">\n\t\t\t\t\t\t\t\t\t<p>Ideal f\u00fcr <b>gro\u00dfe Fahrzeuge bis zu 9 m<\/b>, oder <b>Wohnwagen<\/b> und <b>Zelte<\/b> f\u00fcr einen komfortablen Aufenthalt. Buchbar mit <b>mindestens 3 Personen im Preis inbegriffen<\/b>, die <b>16A<\/b> Stromanschluss und <b>5<\/b> <b>kWh<\/b> Verbrauch pro Tag umfasst. Es ist notwendig, die Gr\u00f6\u00dfe des Fahrzeugs mitzuteilen, da die Zug\u00e4nglichkeit nicht f\u00fcr alle gleich ist. <b>Der Tarif beinhaltet ein Auto vor Ort<\/b>. Vielseitig und sehr gefragt, mit einem doppelten Stromanschluss, <b>ist jeder Maxi-Stellplatz auch f\u00fcr befreundete Paare mit zwei Minivans oder zwei kleinen Wohnmobilen bis zu 6,5 m geeignet<\/b>.   <\/p>\t\t\t\t\t\t\t\t<\/div>\n\t\t\t\t<\/div>\n\t\t\t\t<\/div>\n\t\t\t\t<\/div>\n\t\t\t\t<\/div>\n\t\t\t\t<div class=\"elementor-element elementor-element-780dad0 elementor-widget__width-initial elementor-widget-mobile__width-inherit elementor-widget elementor-widget-text-editor\" data-id=\"780dad0\" data-element_type=\"widget\" data-widget_type=\"text-editor.default\">\n\t\t\t\t<div class=\"elementor-widget-container\">\n\t\t\t\t\t\t\t\t\t<p>*F\u00fcr diejenigen, die nicht auf ihrem eigenen Stellplatz parken wollen oder k\u00f6nnen, wird von der Verwaltung ein Parkplatz zu einem zus\u00e4tzlichen Tarif zugewiesen.<\/p>\t\t\t\t\t\t\t\t<\/div>\n\t\t\t\t<\/div>\n\t\t\t\t\t<\/div>\n\t\t\t\t<\/div>\n\t\t<div class=\"elementor-element elementor-element-20120ea e-flex e-con-boxed e-con e-parent\" data-id=\"20120ea\" data-element_type=\"container\" id=\"appartamenti\" data-settings=\"{&quot;background_background&quot;:&quot;classic&quot;,&quot;jet_parallax_layout_list&quot;:[]}\">\n\t\t\t\t\t<div class=\"e-con-inner\">\n\t\t\t\t<div class=\"elementor-element elementor-element-00c929d elementor-widget-mobile__width-inherit elementor-widget elementor-widget-image\" data-id=\"00c929d\" data-element_type=\"widget\" data-widget_type=\"image.default\">\n\t\t\t\t<div class=\"elementor-widget-container\">\n\t\t\t\t\t\t\t\t\t\t\t\t\t\t\t<img loading=\"lazy\" decoding=\"async\" width=\"800\" height=\"725\" src=\"https:\/\/www.campingalporto.it\/wp-content\/uploads\/2025\/01\/tonelli-1024x928.png\" class=\"attachment-large size-large wp-image-3103\" alt=\"\" srcset=\"https:\/\/www.campingalporto.it\/wp-content\/uploads\/2025\/01\/tonelli-1024x928.png 1024w, https:\/\/www.campingalporto.it\/wp-content\/uploads\/2025\/01\/tonelli-300x272.png 300w, https:\/\/www.campingalporto.it\/wp-content\/uploads\/2025\/01\/tonelli-768x696.png 768w, https:\/\/www.campingalporto.it\/wp-content\/uploads\/2025\/01\/tonelli-1536x1392.png 1536w, https:\/\/www.campingalporto.it\/wp-content\/uploads\/2025\/01\/tonelli.png 1730w\" sizes=\"(max-width: 800px) 100vw, 800px\" \/>\t\t\t\t\t\t\t\t\t\t\t\t\t\t\t<\/div>\n\t\t\t\t<\/div>\n\t\t<div class=\"elementor-element elementor-element-bb09457 e-con-full e-flex e-con e-child\" data-id=\"bb09457\" data-element_type=\"container\" data-settings=\"{&quot;jet_parallax_layout_list&quot;:[]}\">\n\t\t\t\t<div class=\"elementor-element elementor-element-3b3f40a elementor-widget elementor-widget-heading\" data-id=\"3b3f40a\" data-element_type=\"widget\" data-widget_type=\"heading.default\">\n\t\t\t\t<div class=\"elementor-widget-container\">\n\t\t\t\t\t<h2 class=\"elementor-heading-title elementor-size-default\">auch entdecken<\/h2>\t\t\t\t<\/div>\n\t\t\t\t<\/div>\n\t\t\t\t<div class=\"elementor-element elementor-element-921a07c elementor-widget elementor-widget-heading\" data-id=\"921a07c\" data-element_type=\"widget\" data-widget_type=\"heading.default\">\n\t\t\t\t<div class=\"elementor-widget-container\">\n\t\t\t\t\t<h2 class=\"elementor-heading-title elementor-size-default\">Die Wohnungen<\/h2>\t\t\t\t<\/div>\n\t\t\t\t<\/div>\n\t\t\t\t<div class=\"elementor-element elementor-element-0b87634 elementor-widget elementor-widget-text-editor\" data-id=\"0b87634\" data-element_type=\"widget\" data-widget_type=\"text-editor.default\">\n\t\t\t\t<div class=\"elementor-widget-container\">\n\t\t\t\t\t\t\t\t\t<p>Casa Tonelli war eine gro\u00dfe Villa neben dem Campingplatz, die, nachdem sie einige Jahre lang das Haus des Eigent\u00fcmers war, 2012 komplett renoviert wurde, wobei die elegante Architektur mit der charakteristischen S\u00fcdterrasse und der gro\u00dfen Dachterrasse erhalten blieb. Das Ergebnis sind <strong>8 Wohnungen zur touristischen Nutzung<\/strong>, jede mit ihrer eigenen Pers\u00f6nlichkeit in der Aufteilung und dem Stil der Einrichtung. <\/p><p>Alle Wohnungen verf\u00fcgen \u00fcber ein Wohnzimmer mit Schlafsofa und eine gro\u00dfe K\u00fcche mit Induktionsherd, ein komplettes Bad mit Dusche, ein Doppelzimmer mit teilbaren Betten und eine gro\u00dfe Terrasse oder einen \u00fcberdachten Innenhof. Alle G\u00e4ste k\u00f6nnen auch die <strong>2 Gemeinschaftsterrassen<\/strong> nutzen, darunter<strong> die Dachterrasse mit Liegest\u00fchlen und einem Jacuzzi, der ausschlie\u00dflich den Hausg\u00e4sten zur Verf\u00fcgung<\/strong> steht.<br><strong>Parkpl\u00e4tze<\/strong> f\u00fcr Ihr Auto befinden sich direkt am Haus und nat\u00fcrlich innerhalb des Campingplatzes. Eine bequeme <strong>Garage mit automatischer Schlie\u00dfung und Nachtalarm<\/strong> erm\u00f6glicht es Ihnen, Ihr Fahrrad sicher abzustellen.   Der <strong>Segelhalter<\/strong> befindet sich auf dem Hof neben dem Haus. <strong>Fahrr\u00e4der d\u00fcrfen nicht in die Wohnungen mitgenommen werden<\/strong>.<\/p>\t\t\t\t\t\t\t\t<\/div>\n\t\t\t\t<\/div>\n\t\t\t\t<div class=\"elementor-element elementor-element-43d7579 elementor-widget elementor-widget-button\" data-id=\"43d7579\" data-element_type=\"widget\" data-widget_type=\"button.default\">\n\t\t\t\t<div class=\"elementor-widget-container\">\n\t\t\t\t\t\t\t\t\t<div class=\"elementor-button-wrapper\">\n\t\t\t\t\t<a class=\"elementor-button elementor-button-link elementor-size-sm\" href=\"https:\/\/www.campingalporto.it\/de\/casa-tonelli\/\">\n\t\t\t\t\t\t<span class=\"elementor-button-content-wrapper\">\n\t\t\t\t\t\t\t\t\t<span class=\"elementor-button-text\">Alle Wohnungen ansehen<\/span>\n\t\t\t\t\t<\/span>\n\t\t\t\t\t<\/a>\n\t\t\t\t<\/div>\n\t\t\t\t\t\t\t\t<\/div>\n\t\t\t\t<\/div>\n\t\t\t\t<\/div>\n\t\t\t\t\t<\/div>\n\t\t\t\t<\/div>\n\t\t\t\t<\/div>\n\t\t","protected":false},"excerpt":{"rendered":"<p>der Campingplatz Wie man \u00fcbernachtet Ein gro\u00dfer Teil der Unterk\u00fcnfte liegt auf Gras und Schotter, auf dem das Fahrzeug abgestellt werden muss, w\u00e4hrend einige stark nachgefragte Stellpl\u00e4tze nur mit Naturschotter bedeckt sind. ideal f\u00fcr die Bew\u00e4ltigung auch der schwierigsten Wetterbedingungen. Mehr als die H\u00e4lfte der Stellpl\u00e4tze sind mit dem Wasser- und Abwassernetz und bietet so [&hellip;]<\/p>\n","protected":false},"author":1,"featured_media":0,"parent":3829,"menu_order":0,"comment_status":"closed","ping_status":"closed","template":"elementor_header_footer","meta":{"footnotes":""},"class_list":["post-3710","page","type-page","status-publish","hentry"],"_links":{"self":[{"href":"https:\/\/www.campingalporto.it\/de\/wp-json\/wp\/v2\/pages\/3710","targetHints":{"allow":["GET"]}}],"collection":[{"href":"https:\/\/www.campingalporto.it\/de\/wp-json\/wp\/v2\/pages"}],"about":[{"href":"https:\/\/www.campingalporto.it\/de\/wp-json\/wp\/v2\/types\/page"}],"author":[{"embeddable":true,"href":"https:\/\/www.campingalporto.it\/de\/wp-json\/wp\/v2\/users\/1"}],"replies":[{"embeddable":true,"href":"https:\/\/www.campingalporto.it\/de\/wp-json\/wp\/v2\/comments?post=3710"}],"version-history":[{"count":7,"href":"https:\/\/www.campingalporto.it\/de\/wp-json\/wp\/v2\/pages\/3710\/revisions"}],"predecessor-version":[{"id":4604,"href":"https:\/\/www.campingalporto.it\/de\/wp-json\/wp\/v2\/pages\/3710\/revisions\/4604"}],"up":[{"embeddable":true,"href":"https:\/\/www.campingalporto.it\/de\/wp-json\/wp\/v2\/pages\/3829"}],"wp:attachment":[{"href":"https:\/\/www.campingalporto.it\/de\/wp-json\/wp\/v2\/media?parent=3710"}],"curies":[{"name":"wp","href":"https:\/\/api.w.org\/{rel}","templated":true}]}}